{"id":293,"date":"2022-02-25T14:14:26","date_gmt":"2022-02-25T13:14:26","guid":{"rendered":"https:\/\/whoconductstheorchestra.eu\/?page_id=293"},"modified":"2022-02-28T05:23:57","modified_gmt":"2022-02-28T04:23:57","slug":"italiano","status":"publish","type":"page","link":"https:\/\/whoconductstheorchestra.eu\/index.php\/italiano\/","title":{"rendered":"Italiano"},"content":{"rendered":"\n<figure class=\"wp-block-image size-large\"><img loading=\"lazy\" width=\"1024\" height=\"768\" src=\"https:\/\/whoconductstheorchestra.eu\/wp-content\/uploads\/2022\/02\/italy-1024x768.jpg\" alt=\"\" class=\"wp-image-321\" srcset=\"https:\/\/whoconductstheorchestra.eu\/wp-content\/uploads\/2022\/02\/italy-1024x768.jpg 1024w, https:\/\/whoconductstheorchestra.eu\/wp-content\/uploads\/2022\/02\/italy-300x225.jpg 300w, https:\/\/whoconductstheorchestra.eu\/wp-content\/uploads\/2022\/02\/italy-768x576.jpg 768w, https:\/\/whoconductstheorchestra.eu\/wp-content\/uploads\/2022\/02\/italy-1536x1152.jpg 1536w, https:\/\/whoconductstheorchestra.eu\/wp-content\/uploads\/2022\/02\/italy-2048x1536.jpg 2048w\" sizes=\"(max-width: 1024px) 100vw, 1024px\" \/><\/figure>\n\n\n\n<p>Benvenuti in Who Conducts the Orchestra: Un progetto Erasmus + con un focus sulla costruzione di buone relazioni tra le scuole, gli alunni e le loro famiglie.&nbsp;<\/p>\n\n\n\n<p>Il progetto Who Conducts the Orchestra offre ai partecipanti una nuova forma di professionalizzazione e di cooperazione interdisciplinare, sviluppando nel contempo una conoscenza collettiva dei fattori e dei meccanismi scatenanti che riguardano sia il singolo bambino che la famiglia. \u00a0<br>In definitiva, speriamo che questo ci aiuti a decifrare il motivo per cui i bambini e i giovani dei gruppi &#8220;a rischio&#8221; spesso scelgono un modello comportamentale esclusivo e si disconnettono da ambienti sani.<br>N\u00e9 la scuola primaria e secondaria inferiore, n\u00e9 le istituzioni, n\u00e9 i servizi degli assistenti sanitari, n\u00e9 gli sforzi delle famiglie possono risolvere da soli le sfide del lavoro preventivo, nonostante siano categorie professionali consolidate e altamente professionali che forniscono un eccellente supporto.\u00a0<br>La nostra intenzione \u00e8 quella di creare un nuovo modello che permetta ai partecipanti di comprendere le sfide del lavoro preventivo da una nuova prospettiva.\u00a0<\/p>\n\n\n\n<figure class=\"wp-block-embed is-type-video is-provider-youtube wp-block-embed-youtube wp-embed-aspect-16-9 wp-has-aspect-ratio\"><div class=\"wp-block-embed__wrapper\">\n<iframe loading=\"lazy\" title=\"WCO  introduction to the project\" width=\"750\" height=\"422\" src=\"https:\/\/www.youtube.com\/embed\/cpYI0e01jTg?feature=oembed\" frameborder=\"0\" allow=\"accelerometer; autoplay; clipboard-write; encrypted-media; gyroscope; picture-in-picture\" allowfullscreen><\/iframe>\n<\/div><\/figure>\n","protected":false},"excerpt":{"rendered":"<p>Benvenuti in Who Conducts the Orchestra: Un progetto Erasmus + con un focus sulla costruzione di buone relazioni tra le scuole, gli alunni e le loro famiglie.&nbsp; Il progetto Who Conducts the Orchestra offre ai partecipanti una nuova forma di<\/p>\n","protected":false},"author":1,"featured_media":0,"parent":0,"menu_order":0,"comment_status":"closed","ping_status":"closed","template":"","meta":[],"_links":{"self":[{"href":"https:\/\/whoconductstheorchestra.eu\/index.php\/wp-json\/wp\/v2\/pages\/293"}],"collection":[{"href":"https:\/\/whoconductstheorchestra.eu\/index.php\/wp-json\/wp\/v2\/pages"}],"about":[{"href":"https:\/\/whoconductstheorchestra.eu\/index.php\/wp-json\/wp\/v2\/types\/page"}],"author":[{"embeddable":true,"href":"https:\/\/whoconductstheorchestra.eu\/index.php\/wp-json\/wp\/v2\/users\/1"}],"replies":[{"embeddable":true,"href":"https:\/\/whoconductstheorchestra.eu\/index.php\/wp-json\/wp\/v2\/comments?post=293"}],"version-history":[{"count":3,"href":"https:\/\/whoconductstheorchestra.eu\/index.php\/wp-json\/wp\/v2\/pages\/293\/revisions"}],"predecessor-version":[{"id":414,"href":"https:\/\/whoconductstheorchestra.eu\/index.php\/wp-json\/wp\/v2\/pages\/293\/revisions\/414"}],"wp:attachment":[{"href":"https:\/\/whoconductstheorchestra.eu\/index.php\/wp-json\/wp\/v2\/media?parent=293"}],"curies":[{"name":"wp","href":"https:\/\/api.w.org\/{rel}","templated":true}]}}